{"id":8327,"date":"2017-11-14T16:38:58","date_gmt":"2017-11-14T15:38:58","guid":{"rendered":"https:\/\/update24.rugefehsenfeld.de\/?page_id=8327"},"modified":"2024-07-01T11:48:37","modified_gmt":"2024-07-01T09:48:37","slug":"tour","status":"publish","type":"page","link":"https:\/\/www.rugefehsenfeld.de\/en\/tour","title":{"rendered":"Tour"},"content":{"rendered":"<h1>Rundgang durch die Kanzlei<\/h1>\n<div>\n<p>Machen Sie einen virtuellen Rundgang durch unsere Kanzlei mit mehr als 1200qm modernster B\u00fcrofl\u00e4che und gewinnen Sie einen ersten Eindruck, was Sie als potentieller Mandant oder Mitarbeiter erwarten d\u00fcrfen.<\/p>\n<\/div>\n<ul>\n<li>\n<p>        <img decoding=\"async\" src=\"\/wp-content\/uploads\/20170901_Kanzlei_RugeFehsenfeld_Aussenansicht_275.jpg\" alt=\"\"><\/p>\n<h3>Aussenansicht<\/h3>\n<div>Unser B\u00fcrogeb\u00e4ude liegt an den Stra\u00dfen Langenhorner Chaussee, Essener Stra\u00dfe, Essener Bogen. Ausreichend reservierte Mandantenparkpl\u00e4tze befinden sich im Innenhof.<\/div>\n<\/li>\n<li>\n<p>        <img decoding=\"async\" src=\"\/wp-content\/uploads\/A_20170901_Kanzlei_RugeFehsenfeld_Eingang_264.jpg\" alt=\"\"><\/p>\n<h3>Eingang<\/h3>\n<div>Sie finden uns im obersten Stock des 2017 fertiggestellten Hanse 10ter Grad. Es sind zwei Fahrst\u00fchle vorhanden.<\/div>\n<\/li>\n<li>\n<p>        <img decoding=\"async\" src=\"\/wp-content\/uploads\/Empfang.jpg\" alt=\"\"><\/p>\n<h3>Empfang<\/h3>\n<div>\n<p>Am Empfang sind Ihnen unsere Empfangsassistentinnen gern behilflich.<\/p>\n<\/div>\n<\/li>\n<li>\n<p>        <img decoding=\"async\" src=\"\/wp-content\/uploads\/C_20170901_Kanzlei_Ruge_Fehsenfeld_Flur_110.jpg\" alt=\"\"><\/p>\n<h3>Flur<\/h3>\n<div>\n<p>Es erwartet Sie eine gro\u00dfz\u00fcgige und moderne Raumgestaltung.<\/p>\n<\/div>\n<\/li>\n<li>\n<p>        <img decoding=\"async\" src=\"\/wp-content\/uploads\/Konfi-I.jpg\" alt=\"\"><\/p>\n<h3>Konferenzraum I<\/h3>\n<div>\n<p>Unser gro\u00dfer Konferenzraum mit Beamer hat Platz f\u00fcr mindestens 12 Personen.<\/p>\n<\/div>\n<\/li>\n<li>\n<p>        <img decoding=\"async\" src=\"\/wp-content\/uploads\/Konfi-II.jpg\" alt=\"\"><\/p>\n<h3>Konferenzraum II<\/h3>\n<div>\n<p>F\u00fcr kleinere Teilnehmerzahlen stehen weitere Besprechungsr\u00e4ume zur Verf\u00fcgung.<\/p>\n<\/div>\n<\/li>\n<li>\n<p>        <img decoding=\"async\" src=\"\/wp-content\/uploads\/F_20171219_Kanzlei_Ruge_Fehsenfeld_Steuerberatung_Raum2_895.jpg\" alt=\"\"><\/p>\n<h3>Konferenzraum III<\/h3>\n<div>\n<p>Bei Bilanzbesprechungen mit Mandanten bedienen wir uns gro\u00dfer Bildschirme.<\/p>\n<\/div>\n<\/li>\n<li>\n<p>        <img decoding=\"async\" src=\"\/wp-content\/uploads\/rf-rundgang-konferenzraum-IV.jpg\" alt=\"\"><\/p>\n<h3>Konferenzraum IV<\/h3>\n<\/li>\n<li>\n<p>        <img decoding=\"async\" src=\"\/wp-content\/uploads\/P1455801.jpg\" alt=\"\"><\/p>\n<h3>Forum<\/h3>\n<div>\n<p>Das Forum ist der Veranstaltungsraum der Kanzlei und bietet Platz f\u00fcr Vortr\u00e4ge mit bis zu 50 Personen.<\/p>\n<\/div>\n<\/li>\n<li>\n<p>        <img decoding=\"async\" src=\"\/wp-content\/uploads\/Bibliothek.jpg\" alt=\"\"><\/p>\n<h3>Fachbibliothek<\/h3>\n<div>\n<p>Neben vielen Datenbanken haben die Mitarbeiter auch Zugriff auf eine umfangreiche Fachbibliothek.<\/p>\n<\/div>\n<\/li>\n<li>\n<p>        <img decoding=\"async\" src=\"\/wp-content\/uploads\/H_20170901_Kanzlei_Ruge_Fehsenfeld_Steuerpruefungszimmer_040.jpg\" alt=\"\"><\/p>\n<h3>Pr\u00fcferzimmer<\/h3>\n<div>Betriebspr\u00fcfern stehen eigene R\u00e4umlichkeiten zur Verf\u00fcgung.<\/div>\n<\/li>\n<li>\n<p>        <img decoding=\"async\" src=\"\/wp-content\/uploads\/I_20170901_Kanzlei_Ruge_Fehsenfeld_Referendar_111.jpg\" alt=\"\"><\/p>\n<h3>Referendar<\/h3>\n<div>Referendare haben bei uns einen eigenen Raum.<\/div>\n<\/li>\n<li>\n<p>        <img decoding=\"async\" src=\"\/wp-content\/uploads\/rf-rundgang-grosse-kueche.jpg\" alt=\"\"><\/p>\n<h3>K\u00fcche &#038; Aufenthaltsraum<\/h3>\n<div>\n<p>Unsere moderne Mitarbeiterk\u00fcche ist mit Backofen, Herd, Mikrowelle und gro\u00dfen K\u00fchlschr\u00e4nken ausgestattet.<\/p>\n<\/div>\n<\/li>\n<li>\n<p>        <img decoding=\"async\" src=\"\/wp-content\/uploads\/rf-rundgang-bistro.jpg\" alt=\"\"><\/p>\n<h3>Bistro<\/h3>\n<div>\n<p>In unserem eigenen Bistro l\u00e4sst sich die Mittagspause zusammen mit den Kollegen in gem\u00fctlicher Atmosph\u00e4re verbringen.<\/p>\n<\/div>\n<\/li>\n<li>\n<p>        <img decoding=\"async\" src=\"\/wp-content\/uploads\/Terrasse1.jpg\" alt=\"\"><\/p>\n<h3>Dachterrasse<\/h3>\n<div>\n<p>Gerade im Sommer profitieren wir vom eigenen Zugang zur Dachterrasse.<\/p>\n<\/div>\n<\/li>\n<\/ul>\n<p><!--more--><br \/>\n<!-- {\"name\":\"\",\"type\":\"layout\",\"children\":[{\"name\":\"Gallery\",\"type\":\"section\",\"props\":{\"animation\":\"fade\",\"image_position\":\"center-center\",\"style\":\"default\",\"title_breakpoint\":\"xl\",\"title_position\":\"top-left\",\"title_rotation\":\"left\",\"vertical_align\":\"middle\",\"width\":\"large\"},\"children\":[{\"name\":\"\",\"type\":\"row\",\"children\":[{\"name\":\"\",\"type\":\"column\",\"props\":{\"image_position\":\"center-center\",\"media_overlay_gradient\":\"\",\"position_sticky_breakpoint\":\"m\",\"width_medium\":\"1-1\"},\"children\":[{\"name\":\"\",\"type\":\"headline\",\"props\":{\"content\":\"Rundgang durch die Kanzlei\",\"title_element\":\"h1\"}},{\"name\":\"\",\"type\":\"text\",\"props\":{\"column_breakpoint\":\"m\",\"content\":\"\n\n<p>Machen Sie einen virtuellen Rundgang durch unsere Kanzlei mit mehr als 1200qm modernster B\\u00fcrofl\\u00e4che und gewinnen Sie einen ersten Eindruck, was Sie als potentieller Mandant oder Mitarbeiter erwarten d\\u00fcrfen.<\\\/p>\",\"margin\":\"default\",\"maxwidth\":\"2xlarge\"}}]}]},{\"name\":\"\",\"type\":\"row\",\"props\":{\"margin\":\"large\",\"row_gap\":\"large\",\"width\":\"large\"},\"children\":[{\"name\":\"\",\"type\":\"column\",\"props\":{\"image_position\":\"center-center\",\"media_overlay_gradient\":\"\",\"position_sticky_breakpoint\":\"m\",\"width_medium\":\"1-1\"},\"children\":[{\"name\":\"\",\"type\":\"slideshow\",\"props\":{\"image_width\":\"1300\",\"link_style\":\"default\",\"link_text\":\"Read more\",\"margin\":\"default\",\"meta_align\":\"below-title\",\"meta_element\":\"div\",\"meta_style\":\"text-meta\",\"nav\":\"dotnav\",\"nav_align\":\"center\",\"nav_breakpoint\":\"s\",\"nav_color\":\"\",\"nav_margin\":\"\",\"nav_position\":\"bottom-center\",\"nav_position_margin\":\"\",\"overlay_animation\":\"parallax\",\"overlay_container\":\"\",\"overlay_container_padding\":\"\",\"overlay_margin\":\"small\",\"overlay_position\":\"bottom-left\",\"overlay_style\":\"overlay-primary\",\"overlay_width\":\"large\",\"show_content\":true,\"show_link\":true,\"show_meta\":true,\"show_thumbnail\":true,\"show_title\":true,\"slidenav\":\"top-right\",\"slidenav_breakpoint\":\"s\",\"slidenav_margin\":\"medium\",\"slidenav_outside_breakpoint\":\"xl\",\"slidenav_outside_color\":\"\",\"slideshow_animation\":\"pull\",\"slideshow_autoplay\":false,\"slideshow_autoplay_interval\":5,\"slideshow_autoplay_pause\":true,\"slideshow_box_decoration\":\"shadow\",\"slideshow_box_shadow\":\"\",\"slideshow_box_shadow_bottom\":true,\"slideshow_height\":\"\",\"slideshow_kenburns\":\"\",\"slideshow_min_height\":\"300\",\"slideshow_ratio\":\"15:10\",\"thumbnav_height\":\"75\",\"thumbnav_svg_color\":\"emphasis\",\"thumbnav_width\":\"100\",\"title_element\":\"h3\"},\"children\":[{\"name\":\"\",\"type\":\"slideshow_item\",\"props\":{\"content\":\"Unser B\\u00fcrogeb\\u00e4ude liegt an den Stra\\u00dfen Langenhorner Chaussee, Essener Stra\\u00dfe, Essener Bogen. Ausreichend reservierte Mandantenparkpl\\u00e4tze befinden sich im Innenhof.\",\"image\":\"wp-content\\\/uploads\\\/20170901_Kanzlei_RugeFehsenfeld_Aussenansicht_275.jpg\",\"meta\":\"\",\"title\":\"Aussenansicht\"}},{\"name\":\"\",\"type\":\"slideshow_item\",\"props\":{\"content\":\"Sie finden uns im obersten Stock des 2017 fertiggestellten Hanse 10ter Grad. Es sind zwei Fahrst\\u00fchle vorhanden.\",\"image\":\"wp-content\\\/uploads\\\/A_20170901_Kanzlei_RugeFehsenfeld_Eingang_264.jpg\",\"meta\":\"\",\"title\":\"Eingang\"}},{\"name\":\"\",\"type\":\"slideshow_item\",\"props\":{\"content\":\"\n\n<p>Am Empfang sind Ihnen unsere Empfangsassistentinnen gern behilflich.<\\\/p>\",\"image\":\"wp-content\\\/uploads\\\/Empfang.jpg\",\"meta\":\"\",\"title\":\"Empfang\"}},{\"name\":\"\",\"type\":\"slideshow_item\",\"props\":{\"content\":\"\n\n<p>Es erwartet Sie eine gro\\u00dfz\\u00fcgige und moderne Raumgestaltung.<\\\/p>\",\"image\":\"wp-content\\\/uploads\\\/C_20170901_Kanzlei_Ruge_Fehsenfeld_Flur_110.jpg\",\"meta\":\"\",\"title\":\"Flur\"}},{\"name\":\"\",\"type\":\"slideshow_item\",\"props\":{\"content\":\"\n\n<p>Unser gro\\u00dfer Konferenzraum mit Beamer hat Platz f\\u00fcr mindestens 12 Personen.<\\\/p>\",\"image\":\"wp-content\\\/uploads\\\/Konfi-I.jpg\",\"meta\":\"\",\"title\":\"Konferenzraum I\"}},{\"name\":\"\",\"type\":\"slideshow_item\",\"props\":{\"content\":\"\n\n<p>F\\u00fcr kleinere Teilnehmerzahlen stehen weitere Besprechungsr\\u00e4ume zur Verf\\u00fcgung.<\\\/p>\",\"image\":\"wp-content\\\/uploads\\\/Konfi-II.jpg\",\"meta\":\"\",\"title\":\"Konferenzraum II\"}},{\"name\":\"\",\"type\":\"slideshow_item\",\"props\":{\"content\":\"\n\n<p>Bei Bilanzbesprechungen mit Mandanten bedienen wir uns gro\\u00dfer Bildschirme.<\\\/p>\",\"image\":\"wp-content\\\/uploads\\\/F_20171219_Kanzlei_Ruge_Fehsenfeld_Steuerberatung_Raum2_895.jpg\",\"meta\":\"\",\"title\":\"Konferenzraum III\"}},{\"type\":\"slideshow_item\",\"props\":{\"image\":\"wp-content\\\/uploads\\\/rf-rundgang-konferenzraum-IV.jpg\",\"title\":\"Konferenzraum IV\"}},{\"type\":\"slideshow_item\",\"props\":{\"content\":\"\n\n<p>Das Forum ist der Veranstaltungsraum der Kanzlei und bietet Platz f\\u00fcr Vortr\\u00e4ge mit bis zu 50 Personen.<\\\/p>\",\"image\":\"wp-content\\\/uploads\\\/P1455801.jpg\",\"title\":\"Forum\"}},{\"name\":\"\",\"type\":\"slideshow_item\",\"props\":{\"content\":\"\n\n<p>Neben vielen Datenbanken haben die Mitarbeiter auch Zugriff auf eine umfangreiche Fachbibliothek.<\\\/p>\",\"image\":\"wp-content\\\/uploads\\\/Bibliothek.jpg\",\"meta\":\"\",\"title\":\"Fachbibliothek\"}},{\"name\":\"\",\"type\":\"slideshow_item\",\"props\":{\"content\":\"Betriebspr\\u00fcfern stehen eigene R\\u00e4umlichkeiten zur Verf\\u00fcgung.\",\"image\":\"wp-content\\\/uploads\\\/H_20170901_Kanzlei_Ruge_Fehsenfeld_Steuerpruefungszimmer_040.jpg\",\"meta\":\"\",\"title\":\"Pr\\u00fcferzimmer\"}},{\"name\":\"\",\"type\":\"slideshow_item\",\"props\":{\"content\":\"Referendare haben bei uns einen eigenen Raum.\",\"image\":\"wp-content\\\/uploads\\\/I_20170901_Kanzlei_Ruge_Fehsenfeld_Referendar_111.jpg\",\"meta\":\"\",\"title\":\"Referendar\"}},{\"name\":\"\",\"type\":\"slideshow_item\",\"props\":{\"content\":\"\n\n<p>Unsere moderne Mitarbeiterk\\u00fcche ist mit Backofen, Herd, Mikrowelle und gro\\u00dfen K\\u00fchlschr\\u00e4nken ausgestattet.<\\\/p>\",\"image\":\"wp-content\\\/uploads\\\/rf-rundgang-grosse-kueche.jpg\",\"meta\":\"\",\"title\":\"K\\u00fcche & Aufenthaltsraum\"}},{\"name\":\"\",\"type\":\"slideshow_item\",\"props\":{\"content\":\"\n\n<p>In unserem eigenen Bistro l\\u00e4sst sich die Mittagspause zusammen mit den Kollegen in gem\\u00fctlicher Atmosph\\u00e4re verbringen.<\\\/p>\",\"image\":\"wp-content\\\/uploads\\\/rf-rundgang-bistro.jpg\",\"meta\":\"\",\"title\":\"Bistro\"}},{\"name\":\"\",\"type\":\"slideshow_item\",\"props\":{\"content\":\"\n\n<p>Gerade im Sommer profitieren wir vom eigenen Zugang zur Dachterrasse.<\\\/p>\",\"image\":\"wp-content\\\/uploads\\\/Terrasse1.jpg\",\"meta\":\"\",\"title\":\"Dachterrasse\"}}]}]}]},{\"name\":\"\",\"type\":\"row\",\"children\":[{\"name\":\"\",\"type\":\"column\",\"props\":{\"image_position\":\"center-center\",\"media_overlay_gradient\":\"\",\"position_sticky_breakpoint\":\"m\",\"width_medium\":\"1-1\"}}]}]}],\"version\":\"3.0.21\"} --><\/p>\n","protected":false},"excerpt":{"rendered":"<p>Rundgang durch die Kanzlei Machen Sie einen virtuellen Rundgang durch unsere Kanzlei mit mehr als 1200qm modernster B\u00fcrofl\u00e4che und gewinnen Sie einen ersten Eindruck, was Sie als potentieller Mandant oder Mitarbeiter erwarten d\u00fcrfen. Aussenansicht Unser B\u00fcrogeb\u00e4ude liegt an den Stra\u00dfen Langenhorner Chaussee, Essener Stra\u00dfe, Essener Bogen. Ausreichend reservierte Mandantenparkpl\u00e4tze befinden sich im Innenhof. Eingang Sie [&hellip;]<\/p>\n","protected":false},"author":1,"featured_media":0,"parent":8336,"menu_order":0,"comment_status":"closed","ping_status":"closed","template":"","meta":{"_acf_changed":false,"footnotes":""},"class_list":["post-8327","page","type-page","status-publish","hentry"],"acf":[],"yoast_head":"<!-- This site is optimized with the Yoast SEO plugin v27.5 - https:\/\/yoast.com\/product\/yoast-seo-wordpress\/ -->\n<title>Tour | RUGE FEHSENFELD<\/title>\n<meta name=\"robots\" content=\"index, follow, max-snippet:-1, max-image-preview:large, max-video-preview:-1\" \/>\n<link rel=\"canonical\" href=\"https:\/\/www.rugefehsenfeld.de\/en\/tour\" \/>\n<meta property=\"og:locale\" content=\"en_US\" \/>\n<meta property=\"og:type\" content=\"article\" \/>\n<meta property=\"og:title\" content=\"Tour | RUGE FEHSENFELD\" \/>\n<meta property=\"og:description\" content=\"Rundgang durch die Kanzlei Machen Sie einen virtuellen Rundgang durch unsere Kanzlei mit mehr als 1200qm modernster B\u00fcrofl\u00e4che und gewinnen Sie einen ersten Eindruck, was Sie als potentieller Mandant oder Mitarbeiter erwarten d\u00fcrfen. Aussenansicht Unser B\u00fcrogeb\u00e4ude liegt an den Stra\u00dfen Langenhorner Chaussee, Essener Stra\u00dfe, Essener Bogen. Ausreichend reservierte Mandantenparkpl\u00e4tze befinden sich im Innenhof. Eingang Sie [&hellip;]\" \/>\n<meta property=\"og:url\" content=\"https:\/\/www.rugefehsenfeld.de\/en\/tour\" \/>\n<meta property=\"og:site_name\" content=\"RUGE FEHSENFELD\" \/>\n<meta property=\"article:publisher\" content=\"https:\/\/www.facebook.com\/rugefehsenfeld\/\" \/>\n<meta property=\"article:modified_time\" content=\"2024-07-01T09:48:37+00:00\" \/>\n<meta name=\"twitter:card\" content=\"summary_large_image\" \/>\n<meta name=\"twitter:label1\" content=\"Est. reading time\" \/>\n\t<meta name=\"twitter:data1\" content=\"1 minute\" \/>\n<script type=\"application\/ld+json\" class=\"yoast-schema-graph\">{\"@context\":\"https:\\\/\\\/schema.org\",\"@graph\":[{\"@type\":\"WebPage\",\"@id\":\"https:\\\/\\\/www.rugefehsenfeld.de\\\/en\\\/tour\",\"url\":\"https:\\\/\\\/www.rugefehsenfeld.de\\\/en\\\/tour\",\"name\":\"Tour | RUGE FEHSENFELD\",\"isPartOf\":{\"@id\":\"https:\\\/\\\/www.rugefehsenfeld.de\\\/en\\\/#website\"},\"datePublished\":\"2017-11-14T15:38:58+00:00\",\"dateModified\":\"2024-07-01T09:48:37+00:00\",\"breadcrumb\":{\"@id\":\"https:\\\/\\\/www.rugefehsenfeld.de\\\/en\\\/tour#breadcrumb\"},\"inLanguage\":\"en-US\",\"potentialAction\":[{\"@type\":\"ReadAction\",\"target\":[\"https:\\\/\\\/www.rugefehsenfeld.de\\\/en\\\/tour\"]}]},{\"@type\":\"BreadcrumbList\",\"@id\":\"https:\\\/\\\/www.rugefehsenfeld.de\\\/en\\\/tour#breadcrumb\",\"itemListElement\":[{\"@type\":\"ListItem\",\"position\":1,\"name\":\"Home\",\"item\":\"https:\\\/\\\/www.rugefehsenfeld.de\\\/en\"},{\"@type\":\"ListItem\",\"position\":2,\"name\":\"Tour\"}]},{\"@type\":\"WebSite\",\"@id\":\"https:\\\/\\\/www.rugefehsenfeld.de\\\/en\\\/#website\",\"url\":\"https:\\\/\\\/www.rugefehsenfeld.de\\\/en\\\/\",\"name\":\"RUGE FEHSENFELD\",\"description\":\"Rechtsanw\u00e4lte, Steuerberater, Fachanw\u00e4lte\",\"publisher\":{\"@id\":\"https:\\\/\\\/www.rugefehsenfeld.de\\\/en\\\/#organization\"},\"alternateName\":\"RUGE FEHSENFELD | Rechtsanw\u00e4lte, Steuerberater & Fachanw\u00e4lte\",\"potentialAction\":[{\"@type\":\"SearchAction\",\"target\":{\"@type\":\"EntryPoint\",\"urlTemplate\":\"https:\\\/\\\/www.rugefehsenfeld.de\\\/en\\\/?s={search_term_string}\"},\"query-input\":{\"@type\":\"PropertyValueSpecification\",\"valueRequired\":true,\"valueName\":\"search_term_string\"}}],\"inLanguage\":\"en-US\"},{\"@type\":\"Organization\",\"@id\":\"https:\\\/\\\/www.rugefehsenfeld.de\\\/en\\\/#organization\",\"name\":\"RUGE FEHSENFELD\",\"alternateName\":\"RF\",\"url\":\"https:\\\/\\\/www.rugefehsenfeld.de\\\/en\\\/\",\"logo\":{\"@type\":\"ImageObject\",\"inLanguage\":\"en-US\",\"@id\":\"https:\\\/\\\/www.rugefehsenfeld.de\\\/en\\\/#\\\/schema\\\/logo\\\/image\\\/\",\"url\":\"https:\\\/\\\/www.rugefehsenfeld.de\\\/wp-content\\\/uploads\\\/ruge-fehsenfeld-favicon.svg\",\"contentUrl\":\"https:\\\/\\\/www.rugefehsenfeld.de\\\/wp-content\\\/uploads\\\/ruge-fehsenfeld-favicon.svg\",\"width\":80,\"height\":80,\"caption\":\"RUGE FEHSENFELD\"},\"image\":{\"@id\":\"https:\\\/\\\/www.rugefehsenfeld.de\\\/en\\\/#\\\/schema\\\/logo\\\/image\\\/\"},\"sameAs\":[\"https:\\\/\\\/www.facebook.com\\\/rugefehsenfeld\\\/\",\"https:\\\/\\\/www.instagram.com\\\/rugefehsenfeld\\\/\",\"https:\\\/\\\/www.linkedin.com\\\/company\\\/ruge-fehsenfeld-llp\\\/\",\"https:\\\/\\\/www.xing.com\\\/pages\\\/rugefehsenfeld\"]}]}<\/script>\n<!-- \/ Yoast SEO plugin. -->","yoast_head_json":{"title":"Tour | RUGE FEHSENFELD","robots":{"index":"index","follow":"follow","max-snippet":"max-snippet:-1","max-image-preview":"max-image-preview:large","max-video-preview":"max-video-preview:-1"},"canonical":"https:\/\/www.rugefehsenfeld.de\/en\/tour","og_locale":"en_US","og_type":"article","og_title":"Tour | RUGE FEHSENFELD","og_description":"Rundgang durch die Kanzlei Machen Sie einen virtuellen Rundgang durch unsere Kanzlei mit mehr als 1200qm modernster B\u00fcrofl\u00e4che und gewinnen Sie einen ersten Eindruck, was Sie als potentieller Mandant oder Mitarbeiter erwarten d\u00fcrfen. Aussenansicht Unser B\u00fcrogeb\u00e4ude liegt an den Stra\u00dfen Langenhorner Chaussee, Essener Stra\u00dfe, Essener Bogen. Ausreichend reservierte Mandantenparkpl\u00e4tze befinden sich im Innenhof. Eingang Sie [&hellip;]","og_url":"https:\/\/www.rugefehsenfeld.de\/en\/tour","og_site_name":"RUGE FEHSENFELD","article_publisher":"https:\/\/www.facebook.com\/rugefehsenfeld\/","article_modified_time":"2024-07-01T09:48:37+00:00","twitter_card":"summary_large_image","twitter_misc":{"Est. reading time":"1 minute"},"schema":{"@context":"https:\/\/schema.org","@graph":[{"@type":"WebPage","@id":"https:\/\/www.rugefehsenfeld.de\/en\/tour","url":"https:\/\/www.rugefehsenfeld.de\/en\/tour","name":"Tour | RUGE FEHSENFELD","isPartOf":{"@id":"https:\/\/www.rugefehsenfeld.de\/en\/#website"},"datePublished":"2017-11-14T15:38:58+00:00","dateModified":"2024-07-01T09:48:37+00:00","breadcrumb":{"@id":"https:\/\/www.rugefehsenfeld.de\/en\/tour#breadcrumb"},"inLanguage":"en-US","potentialAction":[{"@type":"ReadAction","target":["https:\/\/www.rugefehsenfeld.de\/en\/tour"]}]},{"@type":"BreadcrumbList","@id":"https:\/\/www.rugefehsenfeld.de\/en\/tour#breadcrumb","itemListElement":[{"@type":"ListItem","position":1,"name":"Home","item":"https:\/\/www.rugefehsenfeld.de\/en"},{"@type":"ListItem","position":2,"name":"Tour"}]},{"@type":"WebSite","@id":"https:\/\/www.rugefehsenfeld.de\/en\/#website","url":"https:\/\/www.rugefehsenfeld.de\/en\/","name":"RUGE FEHSENFELD","description":"Rechtsanw\u00e4lte, Steuerberater, Fachanw\u00e4lte","publisher":{"@id":"https:\/\/www.rugefehsenfeld.de\/en\/#organization"},"alternateName":"RUGE FEHSENFELD | Rechtsanw\u00e4lte, Steuerberater & Fachanw\u00e4lte","potentialAction":[{"@type":"SearchAction","target":{"@type":"EntryPoint","urlTemplate":"https:\/\/www.rugefehsenfeld.de\/en\/?s={search_term_string}"},"query-input":{"@type":"PropertyValueSpecification","valueRequired":true,"valueName":"search_term_string"}}],"inLanguage":"en-US"},{"@type":"Organization","@id":"https:\/\/www.rugefehsenfeld.de\/en\/#organization","name":"RUGE FEHSENFELD","alternateName":"RF","url":"https:\/\/www.rugefehsenfeld.de\/en\/","logo":{"@type":"ImageObject","inLanguage":"en-US","@id":"https:\/\/www.rugefehsenfeld.de\/en\/#\/schema\/logo\/image\/","url":"https:\/\/www.rugefehsenfeld.de\/wp-content\/uploads\/ruge-fehsenfeld-favicon.svg","contentUrl":"https:\/\/www.rugefehsenfeld.de\/wp-content\/uploads\/ruge-fehsenfeld-favicon.svg","width":80,"height":80,"caption":"RUGE FEHSENFELD"},"image":{"@id":"https:\/\/www.rugefehsenfeld.de\/en\/#\/schema\/logo\/image\/"},"sameAs":["https:\/\/www.facebook.com\/rugefehsenfeld\/","https:\/\/www.instagram.com\/rugefehsenfeld\/","https:\/\/www.linkedin.com\/company\/ruge-fehsenfeld-llp\/","https:\/\/www.xing.com\/pages\/rugefehsenfeld"]}]}},"_links":{"self":[{"href":"https:\/\/www.rugefehsenfeld.de\/en\/wp-json\/wp\/v2\/pages\/8327","targetHints":{"allow":["GET"]}}],"collection":[{"href":"https:\/\/www.rugefehsenfeld.de\/en\/wp-json\/wp\/v2\/pages"}],"about":[{"href":"https:\/\/www.rugefehsenfeld.de\/en\/wp-json\/wp\/v2\/types\/page"}],"author":[{"embeddable":true,"href":"https:\/\/www.rugefehsenfeld.de\/en\/wp-json\/wp\/v2\/users\/1"}],"replies":[{"embeddable":true,"href":"https:\/\/www.rugefehsenfeld.de\/en\/wp-json\/wp\/v2\/comments?post=8327"}],"version-history":[{"count":0,"href":"https:\/\/www.rugefehsenfeld.de\/en\/wp-json\/wp\/v2\/pages\/8327\/revisions"}],"up":[{"embeddable":true,"href":"https:\/\/www.rugefehsenfeld.de\/en\/wp-json\/wp\/v2\/pages\/8336"}],"wp:attachment":[{"href":"https:\/\/www.rugefehsenfeld.de\/en\/wp-json\/wp\/v2\/media?parent=8327"}],"curies":[{"name":"wp","href":"https:\/\/api.w.org\/{rel}","templated":true}]}}